{"id":57779,"date":"2024-11-01T08:41:42","date_gmt":"2024-11-01T07:41:42","guid":{"rendered":"https:\/\/universanimalier.com\/?post_type=product&#038;p=57779"},"modified":"2024-12-26T15:49:30","modified_gmt":"2024-12-26T14:49:30","slug":"sac-de-transport-valery-noir-et-gris-ideal-pour-les-chats","status":"publish","type":"product","link":"https:\/\/universanimalier.com\/en\/boutique\/sac-de-transport-valery-noir-et-gris-ideal-pour-les-chats\/","title":{"rendered":"Sac de transport Valery noir et gris (id\u00e9al pour les chats)"},"content":{"rendered":"<div class=\"mb-3 row\">\n<div class=\"col\">\n<div class=\"description\">\n<p>Sac de transport pour chien et chat, tr\u00e8s confortable, s\u00e9curis\u00e9 et r\u00e9confortant.<\/p>\n<p><b>the<\/b> sac de voyage et de transport\u00a0<strong class=\"bold\">Valery<\/strong> offre une multitude d&rsquo;avantages aux animaux et \u00e0 leurs ma\u00eetres. Le sac peut \u00eatre utilis\u00e9 comme abri douillet \u00e0 la maison. Ainsi, l&rsquo;animal s&rsquo;habitue au sac dans un environnement familier et s&rsquo;y sent en s\u00e9curit\u00e9 lorsque vous partez en voyage. L&rsquo;insert du lit douillet peut \u00eatre retir\u00e9 au niveau du sol, ce qui facilite, par exemple, les visites chez le v\u00e9t\u00e9rinaire. Valery offre aux animaux et aux ma\u00eetres un moyen de transport confortable, dot\u00e9 d&rsquo;un coin repos prot\u00e9g\u00e9 pour votre animal lorsque vous \u00eates en d\u00e9placement, en particulier pour les chats.\u00a0<strong class=\"bold\">D\u00e9velopp\u00e9 avec un v\u00e9t\u00e9rinaire sp\u00e9cialiste des chats.<\/strong><\/p>\n<ul>\n<li>particuli\u00e8rement adapt\u00e9 aux chats gr\u00e2ce au panier int\u00e9gr\u00e9<\/li>\n<li>avec matelas \u00e0 ressorts de forme stable (en peluche)<\/li>\n<li>front, side and top opening<\/li>\n<li>avec 4 poign\u00e9es et bandouli\u00e8re<\/li>\n<li>la sangle de transport amovible<\/li>\n<li>with outside pockets<\/li>\n<li>stable form<\/li>\n<li>Dimensions: 29 \u00d7 31 \u00d7 49 cm, supporte un poids jusqu&rsquo;\u00e0: 9 kg<\/li>\n<\/ul>\n<\/div>\n<\/div>\n<\/div>","protected":false},"excerpt":{"rendered":"<p>Sac de transport pour chien et chat, tr\u00e8s confortable, s\u00e9curis\u00e9 et r\u00e9confortant.<\/p>\n<p>Le sac de voyage et de transport\u00a0Valery offre une multitude d&rsquo;avantages aux animaux et \u00e0 leurs ma\u00eetres. Le sac peut \u00eatre utilis\u00e9 comme abri douillet \u00e0 la maison. Ainsi, l&rsquo;animal s&rsquo;habitue au sac dans un environnement familier et s&rsquo;y sent en s\u00e9curit\u00e9 lorsque vous partez en voyage. L&rsquo;insert du lit douillet peut \u00eatre retir\u00e9 au niveau du sol, ce qui facilite, par exemple, les visites chez le v\u00e9t\u00e9rinaire. Valery offre aux animaux et aux ma\u00eetres un moyen de transport confortable, dot\u00e9 d&rsquo;un coin repos prot\u00e9g\u00e9 pour votre animal lorsque vous \u00eates en d\u00e9placement, en particulier pour les chats.\u00a0<strong class=\"bold\">D\u00e9velopp\u00e9 avec un v\u00e9t\u00e9rinaire sp\u00e9cialiste des chats.<\/strong><\/p>\n<ul>\n<li>particuli\u00e8rement adapt\u00e9 aux chats gr\u00e2ce au panier int\u00e9gr\u00e9<\/li>\n<li>avec matelas \u00e0 ressorts de forme stable (en peluche)<\/li>\n<li>front, side and top opening<\/li>\n<li>avec 4 poign\u00e9es et bandouli\u00e8re<\/li>\n<li>la sangle de transport amovible<\/li>\n<li>with outside pockets<\/li>\n<li>stable form<\/li>\n<li>Dimensions: 29 \u00d7 31 \u00d7 49 cm, supporte un poids jusqu&rsquo;\u00e0: 9 kg<\/li>\n<\/ul>","protected":false},"featured_media":57781,"template":"","meta":[],"product_brand":[],"product_cat":[5134,3725,1144,24,16],"product_tag":[8895,8556,8897,7441,8896,8554,817],"class_list":{"0":"post-57779","1":"product","2":"type-product","3":"status-publish","4":"has-post-thumbnail","6":"product_cat-en-balade","7":"product_cat-maisons","8":"product_cat-chats","9":"product_cat-a-la-maison","10":"product_cat-sacs-de-transport","11":"product_tag-sac-de-transport-finlay-gris","12":"product_tag-sac-de-transport-helen-gris-clair","13":"product_tag-sac-de-transport-pour-chat","14":"product_tag-sac-de-transport-pour-chien","15":"product_tag-sac-de-transport-pour-chien-et-chat","16":"product_tag-sac-gina","17":"product_tag-sac-pour-chien","19":"first","20":"instock","21":"shipping-taxable","22":"purchasable","23":"product-type-simple"},"yoast_head":"<!-- This site is optimized with the Yoast SEO plugin v25.5 - https:\/\/yoast.com\/wordpress\/plugins\/seo\/ -->\n<title>Sac de transport Valery noir et gris (id\u00e9al pour les chats) - L&#039;univers Animalier<\/title>\n<meta name=\"description\" content=\"Sac de transport Valery noir et gris (id\u00e9al pour les chats)\" \/>\n<meta name=\"robots\" content=\"index, follow, max-snippet:-1, max-image-preview:large, max-video-preview:-1\" \/>\n<link rel=\"canonical\" href=\"https:\/\/universanimalier.com\/en\/boutique\/sac-de-transport-valery-noir-et-gris-ideal-pour-les-chats\/\" \/>\n<meta property=\"og:locale\" content=\"en_US\" \/>\n<meta property=\"og:type\" content=\"article\" \/>\n<meta property=\"og:title\" content=\"Sac de transport Valery noir et gris (id\u00e9al pour les chats) - L&#039;univers Animalier\" \/>\n<meta property=\"og:description\" content=\"Sac de transport Valery noir et gris (id\u00e9al pour les chats)\" \/>\n<meta property=\"og:url\" content=\"https:\/\/universanimalier.com\/en\/boutique\/sac-de-transport-valery-noir-et-gris-ideal-pour-les-chats\/\" \/>\n<meta property=\"og:site_name\" content=\"L&#039;univers Animalier\" \/>\n<meta property=\"article:publisher\" content=\"https:\/\/www.facebook.com\/lunivers.animalier\" \/>\n<meta property=\"article:modified_time\" content=\"2024-12-26T14:49:30+00:00\" \/>\n<meta property=\"og:image\" content=\"https:\/\/universanimalier.com\/wp-content\/uploads\/2024\/11\/IMG_6342.jpeg\" \/>\n\t<meta property=\"og:image:width\" content=\"800\" \/>\n\t<meta property=\"og:image:height\" content=\"800\" \/>\n\t<meta property=\"og:image:type\" content=\"image\/jpeg\" \/>\n<meta name=\"twitter:card\" content=\"summary_large_image\" \/>\n<meta name=\"twitter:label1\" content=\"Est. reading time\" \/>\n\t<meta name=\"twitter:data1\" content=\"2 minutes\" \/>\n<script type=\"application\/ld+json\" class=\"yoast-schema-graph\">{\"@context\":\"https:\/\/schema.org\",\"@graph\":[{\"@type\":\"WebPage\",\"@id\":\"https:\/\/universanimalier.com\/boutique\/sac-de-transport-valery-noir-et-gris-ideal-pour-les-chats\/\",\"url\":\"https:\/\/universanimalier.com\/boutique\/sac-de-transport-valery-noir-et-gris-ideal-pour-les-chats\/\",\"name\":\"Sac de transport Valery noir et gris (id\u00e9al pour les chats) - L&#039;univers Animalier\",\"isPartOf\":{\"@id\":\"https:\/\/wip.universanimalier.com\/#website\"},\"primaryImageOfPage\":{\"@id\":\"https:\/\/universanimalier.com\/boutique\/sac-de-transport-valery-noir-et-gris-ideal-pour-les-chats\/#primaryimage\"},\"image\":{\"@id\":\"https:\/\/universanimalier.com\/boutique\/sac-de-transport-valery-noir-et-gris-ideal-pour-les-chats\/#primaryimage\"},\"thumbnailUrl\":\"https:\/\/universanimalier.com\/wp-content\/uploads\/2024\/11\/IMG_6342.jpeg\",\"datePublished\":\"2024-11-01T07:41:42+00:00\",\"dateModified\":\"2024-12-26T14:49:30+00:00\",\"description\":\"Sac de transport Valery noir et gris (id\u00e9al pour les chats)\",\"breadcrumb\":{\"@id\":\"https:\/\/universanimalier.com\/boutique\/sac-de-transport-valery-noir-et-gris-ideal-pour-les-chats\/#breadcrumb\"},\"inLanguage\":\"en-US\",\"potentialAction\":[{\"@type\":\"ReadAction\",\"target\":[\"https:\/\/universanimalier.com\/boutique\/sac-de-transport-valery-noir-et-gris-ideal-pour-les-chats\/\"]}]},{\"@type\":\"ImageObject\",\"inLanguage\":\"en-US\",\"@id\":\"https:\/\/universanimalier.com\/boutique\/sac-de-transport-valery-noir-et-gris-ideal-pour-les-chats\/#primaryimage\",\"url\":\"https:\/\/universanimalier.com\/wp-content\/uploads\/2024\/11\/IMG_6342.jpeg\",\"contentUrl\":\"https:\/\/universanimalier.com\/wp-content\/uploads\/2024\/11\/IMG_6342.jpeg\",\"width\":800,\"height\":800},{\"@type\":\"BreadcrumbList\",\"@id\":\"https:\/\/universanimalier.com\/boutique\/sac-de-transport-valery-noir-et-gris-ideal-pour-les-chats\/#breadcrumb\",\"itemListElement\":[{\"@type\":\"ListItem\",\"position\":1,\"name\":\"Accueil\",\"item\":\"https:\/\/wip.universanimalier.com\/\"},{\"@type\":\"ListItem\",\"position\":2,\"name\":\"Boutique\",\"item\":\"https:\/\/wip.universanimalier.com\/boutique\/\"},{\"@type\":\"ListItem\",\"position\":3,\"name\":\"Sac de transport Valery noir et gris (id\u00e9al pour les chats)\"}]},{\"@type\":\"WebSite\",\"@id\":\"https:\/\/wip.universanimalier.com\/#website\",\"url\":\"https:\/\/wip.universanimalier.com\/\",\"name\":\"L'univers Animalier\",\"description\":\"Le paradis des chiens g\u00e2t\u00e9s !\",\"publisher\":{\"@id\":\"https:\/\/wip.universanimalier.com\/#organization\"},\"potentialAction\":[{\"@type\":\"SearchAction\",\"target\":{\"@type\":\"EntryPoint\",\"urlTemplate\":\"https:\/\/wip.universanimalier.com\/?s={search_term_string}\"},\"query-input\":{\"@type\":\"PropertyValueSpecification\",\"valueRequired\":true,\"valueName\":\"search_term_string\"}}],\"inLanguage\":\"en-US\"},{\"@type\":\"Organization\",\"@id\":\"https:\/\/wip.universanimalier.com\/#organization\",\"name\":\"L'univers Animalier\",\"url\":\"https:\/\/wip.universanimalier.com\/\",\"logo\":{\"@type\":\"ImageObject\",\"inLanguage\":\"en-US\",\"@id\":\"https:\/\/wip.universanimalier.com\/#\/schema\/logo\/image\/\",\"url\":\"https:\/\/universanimalier.com\/wp-content\/uploads\/2021\/06\/logo.jpg\",\"contentUrl\":\"https:\/\/universanimalier.com\/wp-content\/uploads\/2021\/06\/logo.jpg\",\"width\":800,\"height\":200,\"caption\":\"L'univers Animalier\"},\"image\":{\"@id\":\"https:\/\/wip.universanimalier.com\/#\/schema\/logo\/image\/\"},\"sameAs\":[\"https:\/\/www.facebook.com\/lunivers.animalier\"]}]}<\/script>\n<!-- \/ Yoast SEO plugin. -->","yoast_head_json":{"title":"Sac de transport Valery noir et gris (id\u00e9al pour les chats) - L&#039;univers Animalier","description":"Sac de transport Valery noir et gris (id\u00e9al pour les chats)","robots":{"index":"index","follow":"follow","max-snippet":"max-snippet:-1","max-image-preview":"max-image-preview:large","max-video-preview":"max-video-preview:-1"},"canonical":"https:\/\/universanimalier.com\/en\/boutique\/sac-de-transport-valery-noir-et-gris-ideal-pour-les-chats\/","og_locale":"en_US","og_type":"article","og_title":"Sac de transport Valery noir et gris (id\u00e9al pour les chats) - L&#039;univers Animalier","og_description":"Sac de transport Valery noir et gris (id\u00e9al pour les chats)","og_url":"https:\/\/universanimalier.com\/en\/boutique\/sac-de-transport-valery-noir-et-gris-ideal-pour-les-chats\/","og_site_name":"L&#039;univers Animalier","article_publisher":"https:\/\/www.facebook.com\/lunivers.animalier","article_modified_time":"2024-12-26T14:49:30+00:00","og_image":[{"width":800,"height":800,"url":"https:\/\/universanimalier.com\/wp-content\/uploads\/2024\/11\/IMG_6342.jpeg","type":"image\/jpeg"}],"twitter_card":"summary_large_image","twitter_misc":{"Est. reading time":"2 minutes"},"schema":{"@context":"https:\/\/schema.org","@graph":[{"@type":"WebPage","@id":"https:\/\/universanimalier.com\/boutique\/sac-de-transport-valery-noir-et-gris-ideal-pour-les-chats\/","url":"https:\/\/universanimalier.com\/boutique\/sac-de-transport-valery-noir-et-gris-ideal-pour-les-chats\/","name":"Sac de transport Valery noir et gris (id\u00e9al pour les chats) - L&#039;univers Animalier","isPartOf":{"@id":"https:\/\/wip.universanimalier.com\/#website"},"primaryImageOfPage":{"@id":"https:\/\/universanimalier.com\/boutique\/sac-de-transport-valery-noir-et-gris-ideal-pour-les-chats\/#primaryimage"},"image":{"@id":"https:\/\/universanimalier.com\/boutique\/sac-de-transport-valery-noir-et-gris-ideal-pour-les-chats\/#primaryimage"},"thumbnailUrl":"https:\/\/universanimalier.com\/wp-content\/uploads\/2024\/11\/IMG_6342.jpeg","datePublished":"2024-11-01T07:41:42+00:00","dateModified":"2024-12-26T14:49:30+00:00","description":"Sac de transport Valery noir et gris (id\u00e9al pour les chats)","breadcrumb":{"@id":"https:\/\/universanimalier.com\/boutique\/sac-de-transport-valery-noir-et-gris-ideal-pour-les-chats\/#breadcrumb"},"inLanguage":"en-US","potentialAction":[{"@type":"ReadAction","target":["https:\/\/universanimalier.com\/boutique\/sac-de-transport-valery-noir-et-gris-ideal-pour-les-chats\/"]}]},{"@type":"ImageObject","inLanguage":"en-US","@id":"https:\/\/universanimalier.com\/boutique\/sac-de-transport-valery-noir-et-gris-ideal-pour-les-chats\/#primaryimage","url":"https:\/\/universanimalier.com\/wp-content\/uploads\/2024\/11\/IMG_6342.jpeg","contentUrl":"https:\/\/universanimalier.com\/wp-content\/uploads\/2024\/11\/IMG_6342.jpeg","width":800,"height":800},{"@type":"BreadcrumbList","@id":"https:\/\/universanimalier.com\/boutique\/sac-de-transport-valery-noir-et-gris-ideal-pour-les-chats\/#breadcrumb","itemListElement":[{"@type":"ListItem","position":1,"name":"Accueil","item":"https:\/\/wip.universanimalier.com\/"},{"@type":"ListItem","position":2,"name":"Boutique","item":"https:\/\/wip.universanimalier.com\/boutique\/"},{"@type":"ListItem","position":3,"name":"Sac de transport Valery noir et gris (id\u00e9al pour les chats)"}]},{"@type":"WebSite","@id":"https:\/\/wip.universanimalier.com\/#website","url":"https:\/\/wip.universanimalier.com\/","name":"L'univers Animalier","description":"A paradise for spoiled dogs!","publisher":{"@id":"https:\/\/wip.universanimalier.com\/#organization"},"potentialAction":[{"@type":"SearchAction","target":{"@type":"EntryPoint","urlTemplate":"https:\/\/wip.universanimalier.com\/?s={search_term_string}"},"query-input":{"@type":"PropertyValueSpecification","valueRequired":true,"valueName":"search_term_string"}}],"inLanguage":"en-US"},{"@type":"Organization","@id":"https:\/\/wip.universanimalier.com\/#organization","name":"L'univers Animalier","url":"https:\/\/wip.universanimalier.com\/","logo":{"@type":"ImageObject","inLanguage":"en-US","@id":"https:\/\/wip.universanimalier.com\/#\/schema\/logo\/image\/","url":"https:\/\/universanimalier.com\/wp-content\/uploads\/2021\/06\/logo.jpg","contentUrl":"https:\/\/universanimalier.com\/wp-content\/uploads\/2021\/06\/logo.jpg","width":800,"height":200,"caption":"L'univers Animalier"},"image":{"@id":"https:\/\/wip.universanimalier.com\/#\/schema\/logo\/image\/"},"sameAs":["https:\/\/www.facebook.com\/lunivers.animalier"]}]}},"_links":{"self":[{"href":"https:\/\/universanimalier.com\/en\/wp-json\/wp\/v2\/product\/57779"}],"collection":[{"href":"https:\/\/universanimalier.com\/en\/wp-json\/wp\/v2\/product"}],"about":[{"href":"https:\/\/universanimalier.com\/en\/wp-json\/wp\/v2\/types\/product"}],"wp:featuredmedia":[{"embeddable":true,"href":"https:\/\/universanimalier.com\/en\/wp-json\/wp\/v2\/media\/57781"}],"wp:attachment":[{"href":"https:\/\/universanimalier.com\/en\/wp-json\/wp\/v2\/media?parent=57779"}],"wp:term":[{"taxonomy":"product_brand","embeddable":true,"href":"https:\/\/universanimalier.com\/en\/wp-json\/wp\/v2\/product_brand?post=57779"},{"taxonomy":"product_cat","embeddable":true,"href":"https:\/\/universanimalier.com\/en\/wp-json\/wp\/v2\/product_cat?post=57779"},{"taxonomy":"product_tag","embeddable":true,"href":"https:\/\/universanimalier.com\/en\/wp-json\/wp\/v2\/product_tag?post=57779"}],"curies":[{"name":"wp","href":"https:\/\/api.w.org\/{rel}","templated":true}]}}